{"id":3738,"date":"2026-04-20T14:36:58","date_gmt":"2026-04-20T12:36:58","guid":{"rendered":"https:\/\/association-osteo-swiss.ch\/?post_type=annonce&#038;p=3738"},"modified":"2026-04-20T14:37:03","modified_gmt":"2026-04-20T12:37:03","slug":"sous-location-lausanne-vd","status":"publish","type":"annonce","link":"https:\/\/association-osteo-swiss.ch\/de\/annonce\/sous-location-lausanne-vd\/","title":{"rendered":"Sous Location Lausanne (VD)"},"content":{"rendered":"\n<p>Je sous-loue mon espace en plein centre de Lausanne, dans le beau quartier pris\u00e9 de Saint Fran\u00e7ois.<br><br>\u00c9tant\u00a0Th\u00e9rapeute en m\u00e9decine Ayurveda, le lieu est parfaitement appropri\u00e9 \u00e0 de l&#8217;ost\u00e9opathie, ainsi tr\u00e8s compl\u00e9mentaires.<br><br>Sous location de 2 ou 2,5 jours\/semaine, flexible et\/o\u00f9 \u00e0 convenir.<br><br>Libre d\u00e8s le 15.05.26.<br><br>Contact :<br><br>Fanny Henriot<br>078 965 38 75<br>Place Saint Fran\u00e7ois\u00a012<br>1003 Lausanne<\/p>\n\n\n\n<figure class=\"wp-block-gallery has-nested-images columns-default is-cropped wp-block-gallery-1 is-layout-flex wp-block-gallery-is-layout-flex\">\n<figure class=\"wp-block-image size-large\"><a href=\"https:\/\/association-osteo-swiss.ch\/wp-content\/uploads\/2026\/04\/IMG_1228.jpeg\"><img fetchpriority=\"high\" decoding=\"async\" width=\"576\" height=\"1024\" data-id=\"3739\" src=\"https:\/\/association-osteo-swiss.ch\/wp-content\/uploads\/2026\/04\/IMG_1228-576x1024.jpeg\" alt=\"\" class=\"wp-image-3739\" srcset=\"https:\/\/association-osteo-swiss.ch\/wp-content\/uploads\/2026\/04\/IMG_1228-576x1024.jpeg 576w, https:\/\/association-osteo-swiss.ch\/wp-content\/uploads\/2026\/04\/IMG_1228-169x300.jpeg 169w, https:\/\/association-osteo-swiss.ch\/wp-content\/uploads\/2026\/04\/IMG_1228-768x1365.jpeg 768w, https:\/\/association-osteo-swiss.ch\/wp-content\/uploads\/2026\/04\/IMG_1228-864x1536.jpeg 864w, https:\/\/association-osteo-swiss.ch\/wp-content\/uploads\/2026\/04\/IMG_1228.jpeg 1080w\" sizes=\"(max-width: 576px) 100vw, 576px\" \/><\/a><figcaption class=\"wp-element-caption\">Hudson<\/figcaption><\/figure>\n\n\n\n<figure class=\"wp-block-image size-large\"><a href=\"https:\/\/association-osteo-swiss.ch\/wp-content\/uploads\/2026\/04\/IMG_2428.jpeg\"><img decoding=\"async\" width=\"1024\" height=\"1024\" data-id=\"3740\" src=\"https:\/\/association-osteo-swiss.ch\/wp-content\/uploads\/2026\/04\/IMG_2428-1024x1024.jpeg\" alt=\"\" class=\"wp-image-3740\" srcset=\"https:\/\/association-osteo-swiss.ch\/wp-content\/uploads\/2026\/04\/IMG_2428-1024x1024.jpeg 1024w, https:\/\/association-osteo-swiss.ch\/wp-content\/uploads\/2026\/04\/IMG_2428-300x300.jpeg 300w, https:\/\/association-osteo-swiss.ch\/wp-content\/uploads\/2026\/04\/IMG_2428-150x150.jpeg 150w, https:\/\/association-osteo-swiss.ch\/wp-content\/uploads\/2026\/04\/IMG_2428-768x768.jpeg 768w, https:\/\/association-osteo-swiss.ch\/wp-content\/uploads\/2026\/04\/IMG_2428.jpeg 1242w\" sizes=\"(max-width: 1024px) 100vw, 1024px\" \/><\/a><figcaption class=\"wp-element-caption\">Screenshot<\/figcaption><\/figure>\n\n\n\n<figure class=\"wp-block-image size-large\"><a href=\"https:\/\/association-osteo-swiss.ch\/wp-content\/uploads\/2026\/04\/IMG_7280.jpeg\"><img decoding=\"async\" width=\"717\" height=\"1024\" data-id=\"3741\" src=\"https:\/\/association-osteo-swiss.ch\/wp-content\/uploads\/2026\/04\/IMG_7280-717x1024.jpeg\" alt=\"\" class=\"wp-image-3741\" srcset=\"https:\/\/association-osteo-swiss.ch\/wp-content\/uploads\/2026\/04\/IMG_7280-717x1024.jpeg 717w, https:\/\/association-osteo-swiss.ch\/wp-content\/uploads\/2026\/04\/IMG_7280-210x300.jpeg 210w, https:\/\/association-osteo-swiss.ch\/wp-content\/uploads\/2026\/04\/IMG_7280-768x1097.jpeg 768w, https:\/\/association-osteo-swiss.ch\/wp-content\/uploads\/2026\/04\/IMG_7280-1075x1536.jpeg 1075w, https:\/\/association-osteo-swiss.ch\/wp-content\/uploads\/2026\/04\/IMG_7280.jpeg 1170w\" sizes=\"(max-width: 717px) 100vw, 717px\" \/><\/a><figcaption class=\"wp-element-caption\">Screenshot<\/figcaption><\/figure>\n<\/figure>\n","protected":false},"featured_media":2940,"template":"","class_list":["post-3738","annonce","type-annonce","status-publish","has-post-thumbnail","hentry"],"acf":[],"_links":{"self":[{"href":"https:\/\/association-osteo-swiss.ch\/de\/wp-json\/wp\/v2\/annonce\/3738","targetHints":{"allow":["GET"]}}],"collection":[{"href":"https:\/\/association-osteo-swiss.ch\/de\/wp-json\/wp\/v2\/annonce"}],"about":[{"href":"https:\/\/association-osteo-swiss.ch\/de\/wp-json\/wp\/v2\/types\/annonce"}],"wp:featuredmedia":[{"embeddable":true,"href":"https:\/\/association-osteo-swiss.ch\/de\/wp-json\/wp\/v2\/media\/2940"}],"wp:attachment":[{"href":"https:\/\/association-osteo-swiss.ch\/de\/wp-json\/wp\/v2\/media?parent=3738"}],"curies":[{"name":"wp","href":"https:\/\/api.w.org\/{rel}","templated":true}]}}